{"id":405,"date":"2020-07-06T14:40:23","date_gmt":"2020-07-06T12:40:23","guid":{"rendered":"https:\/\/bannmuehle.wholewildworld.de\/?page_id=405"},"modified":"2020-11-25T11:11:46","modified_gmt":"2020-11-25T10:11:46","slug":"permakultur","status":"publish","type":"page","link":"https:\/\/bannmuehle.wholewildworld.de\/index.php\/permakultur\/","title":{"rendered":"Permakultur"},"content":{"rendered":"\t\t<div data-elementor-type=\"wp-page\" data-elementor-id=\"405\" class=\"elementor elementor-405\">\n\t\t\t\t\t\t<section class=\"elementor-section elementor-top-section elementor-element elementor-element-4b9d2f09 elementor-section-boxed elementor-section-height-default elementor-section-height-default\" data-id=\"4b9d2f09\" data-element_type=\"section\" data-e-type=\"section\">\n\t\t\t\t\t\t<div class=\"elementor-container elementor-column-gap-default\">\n\t\t\t\t\t<div class=\"elementor-column elementor-col-100 elementor-top-column elementor-element elementor-element-4c11064\" data-id=\"4c11064\" data-element_type=\"column\" data-e-type=\"column\">\n\t\t\t<div class=\"elementor-widget-wrap elementor-element-populated\">\n\t\t\t\t\t\t<div class=\"elementor-element elementor-element-4f8c784 elementor-widget elementor-widget-text-editor\" data-id=\"4f8c784\" data-element_type=\"widget\" data-e-type=\"widget\" data-widget_type=\"text-editor.default\">\n\t\t\t\t<div class=\"elementor-widget-container\">\n\t\t\t\t\t\t\t\t\t\n<p class=\"wp-block-paragraph\"><strong>Gemeinschaftsgarten<\/strong><\/p>\n\n\n\n<p class=\"wp-block-paragraph\">In 2018 haben wir erfolgreich ein Saisongarten f\u00fcr 4 Parteien angelegt und bewirtschaftet. Dieser erweitert sich nun und wird auch zu Gemeinschaftsgarten umbenannt, weil dies dem Charakter eher entspricht.<\/p>\n\n\n\n<p class=\"wp-block-paragraph\">Denn neben dem G\u00e4rtnern geht es allen Beteiligten um das gemeinsame Arbeiten und Zusammensein. Die Erweiterung ist gerade in Planung, ein neuer Regeltermin wird noch bekannt gegeben.&nbsp;<\/p>\n\n\n\n<p class=\"wp-block-paragraph\"><strong>Neue&nbsp; Mitglieder sind herzlich willkommen!<\/strong><\/p>\n\n\n\n<p class=\"wp-block-paragraph\">Interessierte sind jederzeit herzlich willkommen, bei Fragen stehe ich jederzeit gerne zur Verf\u00fcgung.<\/p>\n\n\n\n<p class=\"wp-block-paragraph\">Thomas H\u00e4ny<\/p>\n\n\n\n<p class=\"wp-block-paragraph\"><a href=\"mailto:thomas.haeny@bannmuehle.de\">thomas.haeny@bannmuehle.de<\/a><\/p>\n\n\n\n<p class=\"wp-block-paragraph\">0178\/4640388<\/p>\n\n\n\n<h2 class=\"wp-block-heading\">Erweiterung f\u00fcr 2019<\/h2>\n\n\n\n<p class=\"wp-block-paragraph\">Nachdem erfolgreichen Jahr 2018 starten wir mit Freude in das Neue Jahr.<\/p>\n\n\n\n<p class=\"wp-block-paragraph\">Es haben sich weitere Interessenten gemeldet, die gerne an diesem Projekt mitmachen wollen. Da sich der Charakter mehr zu einem Gemeinschaftsprojekt \u00e4ndert haben wir uns entschlossen, dies nun den Gemeinschaftsgarten zu nennen, anstelle des Saisongartens bisher.<\/p>\n\n\n\n<p class=\"wp-block-paragraph\">Enstprechend der neuen Interessenten und weil die bestehenden Parteien gerne mehr Beetfl\u00e4che bebauen m\u00f6chten, erweitern wir das Ringbeet um einen zweiten Ring.<\/p>\n\n\n\n<figure class=\"wp-block-image\"><img decoding=\"async\" src=\"https:\/\/www.bannmuehle.de\/images\/Permakultur\/20181204_Gemeinschaftsgarten-Fokus-6Seg.png\" alt=\"Zeichnung Gemeinschaftsgarten Erweiterung 2019\"\/><\/figure>\n\n\n\n<p class=\"wp-block-paragraph\">Aktuell sind wir in der Planung, ein n\u00e4chstes Planungstreffen findet am <strong>Do. 24. Januar 2019<\/strong> (abends) statt.<\/p>\n\n\n\n<p class=\"wp-block-paragraph\">Wer Interesse hat und gerne dazu stossen m\u00f6chte, wendet sich gerne an Thomas H\u00e4ny (Kontaktdaten oben).<\/p>\n\n\n\n<p class=\"wp-block-paragraph\">Wir freuen uns \u00fcber neue Gartengenossen.<\/p>\n\n\n\n<h2 class=\"wp-block-heading\">Abschluss Saisongarten 2018<\/h2>\n\n\n\n<p class=\"wp-block-paragraph\">Wir blicken auf eine sehr erfolgreiche Saison 2018 zur\u00fcck, die sich in verschiednen Belangen ausbezahlt hat:<\/p>\n\n\n\n<ul class=\"wp-block-list\"><li>&#8211; <strong>Lernerfahrung<\/strong>: es war eine sehr lehrreiche Zeit, sowohl beim Anlegen der Beete wie auch beim Pflanzen, Betreuen und Ernten der verschiedenen Kulturen<\/li><li>&#8211; <strong>Soziales Zusammensein<\/strong>: der monatliche Regeltermin hat sich sehr bew\u00e4hrt, ca. 3-4h zum lockeren Austausch, dem gemeinsamen Arbeiten und zum Schluss zum gemutlichen Zusammensein.<\/li><li>&#8211; <strong>Der Ertrag<\/strong>: wir hatten trotz Trockenheit gr\u00f6sstenteils einen sehr hohen Ertrag, der unsere anf\u00e4ngliche Erwartung deutlich \u00fcbertroffen hat.<\/li><\/ul>\n\n\n\n<figure class=\"wp-block-image\"><img decoding=\"async\" src=\"https:\/\/www.bannmuehle.de\/images\/Permakultur\/Saisongarten-Ernte-2018.JPG\" alt=\"Saisongarten Ernte 2018\"\/><\/figure>\n\n\n\n<p class=\"wp-block-paragraph\">Die Pflanzen haben wir teilweise selbst aus Samen gezogen oder dann Jungpflanzen in Bioqualit\u00e4t dazu genommen. Insgesamt haben wir rund 40 verschiedene Kulturen ausgebracht, bis auf 4-5 Kulturen sind alle gut gekommen.<\/p>\n\n\n\n<p class=\"wp-block-paragraph\">Mit der Trockenheit konnten wir gut mgehen, da wir dank des Wassersystems gen\u00fcgend Wasser vor Ort zum Beet brachten. Hierzu wird es sp\u00e4ter noch einen separaten Artikel geben.<\/p>\n\n\n\n<p class=\"wp-block-paragraph\"><strong>Mulchbeet:<\/strong><\/p>\n\n\n\n<p class=\"wp-block-paragraph\">Im Mulchbeet wurden haupts\u00e4chlich nur Kartoffeln angepflanzt, erg\u00e4nzt in einem Beet um Zwiebeln und Knoblauch sowie einzelne Maispflanzen. Die Maispflanzen haben nicht \u00fcberlebt, entweder Trockenheit oder Pilzbefall waren st\u00e4rker. Die Kartoffeln sind gut gekommen, beim Knoblauch und den Zwiebeln sind nur etwa die H\u00e4lfte gekommen, den restlichen war es offenbar zwischenzeitlich mal zu trocken. Insgesamt aber ein ansehnliches Resultat im Vergleich f\u00fcr den geringen Aufwand beim Anlegen des Beets.<\/p>\n\n\n\n<p class=\"wp-block-paragraph\"><strong>H\u00fcgelbeet:<\/strong><\/p>\n\n\n\n<p class=\"wp-block-paragraph\">Die H\u00fcgelbeete waren hingegen sehr vielf\u00e4ltig bepflanzt: Salate, Kohlrabi, Karotten, Mangold, Rote Beete, Kurbis, Zucchini, Tomaten, Wirsing, Chinakohl, Lauch, Pastinaken, Schwarzer Rettich, Broccoli, Mais, Bohnen und rund zehn verschiedene Kr\u00e4uter. Zum Teil in Sukzession oder in dichter Mischbepflanzung, es hat sich bew\u00e4hrt. Auch wenn der Aufwand zum Anlegen des H\u00fcgelbeets gr\u00f6sser war, meines Erachtens lohnt es sich durch den sehr \u00fcppigen Ertrag.<\/p>\n\n\n\n<figure class=\"wp-block-image\"><img decoding=\"async\" src=\"https:\/\/www.bannmuehle.de\/images\/Permakultur\/Blick-Saisongarten-2018.JPG\" alt=\"Blick Saisongarten 2018\"\/><\/figure>\n\n\n\n<h2 class=\"wp-block-heading\">PermaBlitz: Anlegen eines Saisongartenbeetes<\/h2>\n\n\n\n<p class=\"wp-block-paragraph\">F\u00fcr eine PermaBlitz-Aktion haben sich am Freitag 9. M\u00e4rz eine Gruppe begeisterte Permakultur-Interessierten getroffen und ein erstes Saisongartenbeet hinter dem Tipi-Platz angelegt. Die Veranstaltung war die erste Kooperation der Bannm\u00fchle und der regionalen Permakultur-Initiative. Zielsetzung war, im Laufe des Nachmittags ein Beet in Form eines Mandala-Gartens anzulegen und zwar die eine H\u00e4lfte der Fl\u00e4che als Mulchbeet und die andere H\u00e4lfte als H\u00fcgelbeet.<\/p>\n\n\n\n<figure class=\"wp-block-image\"><img decoding=\"async\" src=\"https:\/\/www.bannmuehle.de\/images\/Permakultur\/Erste-Skizze.JPG\" alt=\"Erste Skizze\"\/><\/figure>\n\n\n\n<p class=\"wp-block-paragraph\"><em>Erste Ideenskizze mit grober Materialberechnung<\/em><\/p>\n\n\n\n<p class=\"wp-block-paragraph\">Die runde Form wurde bewusst gew\u00e4hlt um mittelfristig ein ansprechend gestalteten, sich \u00fcber mehrere Ringe erstreckenden, essbaren Garten anzulegen. Da der Garten sowieso ohne Maschineneinsatz bewirtschaftet wird, steht der Ringform nichts entgegen, zumal daf\u00fcr harmonische Formen m\u00f6glich werden.<\/p>\n\n\n\n<figure class=\"wp-block-image\"><img decoding=\"async\" src=\"https:\/\/www.bannmuehle.de\/images\/Permakultur\/Mulchbeet_1.JPG\" alt=\"Mulchbeet\"\/><\/figure>\n\n\n\n<h3 class=\"wp-block-heading\"><strong>Zur Tat geschritten<\/strong><\/h3>\n\n\n\n<p class=\"wp-block-paragraph\">Die ersten Arbeiten wie das Ausmessen und Vorbereiten der Beete fanden schon am Vormittag statt. Dann ab 13 Uhr versammelten sich alle Helfer, um tatkr\u00e4ftig mit der Umsetzung der Permakultur-Beete zu beginnen.<\/p>\n\n\n\n<p class=\"wp-block-paragraph\">Bei Nieselregen wurden zuerst die Mulchbeete angelegt, was recht schnell und einfach ging. Zuerst wird eine Schicht Mist (3-5 cm) direkt auf den Grasboden verteilt und diese anschliessend mit unbedruckter Wellpappe licht dicht abgedeckt. Damit wird die Umwandlung der Grasnarbe in Humus beschleunigt und gleichzeitig ist schon etwas D\u00fcnger f\u00fcr die erste Fruchtfolge vorhandenen.<\/p>\n\n\n\n<p class=\"wp-block-paragraph\">Den Abschluss bildet eine dicke Schicht aus Stroh.<\/p>\n\n\n\n<p class=\"wp-block-paragraph\">Parallel ging es an die weit aufw\u00e4ndigeren Arbeiten f\u00fcr das H\u00fcgelbeet. Zum Gl\u00fcck sind genug PermaBlitz-Begeisterte gekommen, \u00fcber die ganze Zeit waren rund 15 Leute in wechselnder Besetzung da.<\/p>\n\n\n\n<p class=\"has-text-align-left wp-block-paragraph\"><img fetchpriority=\"high\" decoding=\"async\" width=\"210\" height=\"271\" src=\"https:\/\/www.bannmuehle.de\/images\/Permakultur\/Huegelbeet-1.JPG\" alt=\"H\u00fcgelbeet\"><\/p>\n\n\n\n<p class=\"has-text-align-left wp-block-paragraph\">Der Kern des H\u00fcgelbeets besteht aus einem ca. 50cm hohen und etwa 1m breiten Holzlager, bevorzugt die dickeren \u00c4ste in der Mitte und die L\u00fccken aufgef\u00fcllt mit zunehmend d\u00fcnneren \u00c4sten. Das Ganze wurde dann dicht mit Holzschnitzel gef\u00fcllt. Das Holzlager dient haupts\u00e4chlich als Schwamm und reguliert die Feuchtigkeit im Beet. Zudem leistet es ein Beitrag zum Strukturbildung im Humus.<\/p>\n\n\n\n<p class=\"wp-block-paragraph\">Als n\u00e4chste Lage wird ca. 10 cm Mist dar\u00fcber verteilt und drauf alle Grassoden mit dem Gr\u00fcn nach unten gelegt. Damit sind diese N\u00e4hrstoffe gleich mit ins Beet zur\u00fcckgegeben.<\/p>\n\n\n\n<p class=\"wp-block-paragraph\">Weiter geht es mit einer Lage Wellpappe als Lichtbarriere, damit das Unkraut nicht gleich wieder nach oben durchschiesst. Darauf wird dann der abgetragene Mutterboden verteilt und als Abschluss kommt eine Lage Holzschnipsel als Mulch oben drauf.<\/p>\n\n\n\n<h3 class=\"wp-block-heading\"><strong>Geselliger Abschluss<\/strong><\/h3>\n\n\n\n<p class=\"wp-block-paragraph\">Nat\u00fcrlich geh\u00f6rt auch ein geselliges Zusammensein und eine St\u00e4rkung mit einer leckeren Linsensuppe zum Anlass. Insgesamt war es f\u00fcr alle ein sehr lehrreicher und intensiver Nachmittag. Ein herzliches Dankesch\u00f6n an Alle f\u00fcr das tatkr\u00e4ftige Mitwirken. Ein sehr gelungenes Ergebnis f\u00fcr einen halben Tag konzentriertes Arbeiten.<\/p>\n\n\n\n<figure class=\"wp-block-image\"><img decoding=\"async\" src=\"https:\/\/www.bannmuehle.de\/images\/Permakultur\/Abschluss-1.JPG\" alt=\"Abschluss\"\/><\/figure>\n\n\n\n<h3 class=\"wp-block-heading\"><strong>Hintergrundinformationen<\/strong><\/h3>\n\n\n\n<p class=\"wp-block-paragraph\">Mit den zwei unterschiedlichen Ans\u00e4tzen soll \u00fcber ein Zeitraum von 5 Jahren ein Vergleich bez\u00fcglich Arbeits- und Materialeinsatz einerseits versus Bodenverbesserung und Ertrag andererseits erm\u00f6glicht werden.<\/p>\n\n\n\n<figure class=\"wp-block-table\"><table><tbody><tr><td><em><strong>Mulchbeet<\/strong><\/em><\/td><td><em><strong>H\u00fcgelbeet<\/strong><\/em><\/td><\/tr><tr><td><a href=\"https:\/\/www.bannmuehle.de\/component\/jce\/?view=popup&amp;tmpl=component\"><\/a><\/td><td><a href=\"https:\/\/www.bannmuehle.de\/component\/jce\/?view=popup&amp;tmpl=component\"><\/a><\/td><\/tr><tr><td><strong>Aufbau:<\/strong><br>3-5cm Kompost\/Mist direkt auf das Gras, dann lichtdicht mit Wellpappe abdecken und gut mit Stroh (10-15cm) bedecken. Der Mist dient der schnelleren Umwandlung der Grasbodens in Humus und ist gleichzeitig Stickstofflieferant.<\/td><td><strong>Aufbau:<\/strong><br>Grassoden abgetragen und Mutterboden ca. 10cm ausgehoben. Dann Kern aus groben und feinem Holz geschichtet, aufgef\u00fcllt mit Holzschnipsel. Dann eine Lage mit Mist (ca. 5cm) und gefolgt von den nach unten gedrehten Grassoden. Darauf folgt eine Schicht Wellpappe (um dem Unkraut das Licht zunehmen) und diese bedeckt mit dem ausgehobenen Mutterboden. Der Abschluss bildet eine ca. 10cm dicke Schicht aus Holzh\u00e4cksel<\/td><\/tr><tr><td><strong>Bepflanzung:<\/strong><br>In der ersten Saison haupts\u00e4chlich Kartoffeln, Zwiebel und Knoblauch, allenfalls erg\u00e4nzt um weitere Starkzehrer. Die Bepflanzung erfolgt mittels durchstecken durch die Wellpappe direkt zwischen Grasboden und Wellpappe.<\/td><td><strong>Bepflanzung:<\/strong><br>Kann direkt ab der ersten Saison mit allen Gem\u00fcsearten, Salaten und Kr\u00e4utern bepflanzt werden<\/td><\/tr><tr><td><strong>Vor- und Nachteile:<\/strong><br>+ Einfach in Arbeits- und Materialeinsatz<br>\u2013 Humusaufbau dauert l\u00e4nger<br>\u2013 Im ersten Jahr reduzierter Fruchtanbau<\/td><td><strong>Vor- und Nachteile:<\/strong><br>+ Von Beginn weg f\u00fcr alle Fruchtarten bereit<br>\u2013 Hoher Arbeits- und Materialeinsatz erforderlich<\/td><\/tr><\/tbody><\/table><\/figure>\n\n\n\n<p class=\"wp-block-paragraph\">Wir werden das Ergebnis beobachten und weiter berichten.<\/p>\n\n\n\n<p class=\"wp-block-paragraph\"><em>Thomas H\u00e4ny, Bannm\u00fchle, Odernheim am Glan<\/em><br><em>Harald Wedig, Permakultur-Initiative, Odernheim am Glan<\/em><\/p>\n\t\t\t\t\t\t\t\t<\/div>\n\t\t\t\t<\/div>\n\t\t\t\t\t<\/div>\n\t\t<\/div>\n\t\t\t\t\t<\/div>\n\t\t<\/section>\n\t\t\t\t<\/div>\n\t\t","protected":false},"excerpt":{"rendered":"<p>Gemeinschaftsgarten In 2018 haben wir erfolgreich ein Saisongarten f\u00fcr 4 Parteien angelegt und bewirtschaftet. Dieser erweitert sich nun und wird auch zu Gemeinschaftsgarten umbenannt, weil dies dem Charakter eher entspricht. Denn neben dem G\u00e4rtnern geht es allen Beteiligten um das gemeinsame Arbeiten und Zusammensein. Die Erweiterung ist gerade in Planung, ein neuer Regeltermin wird noch &hellip; <\/p>\n<p class=\"link-more\"><a href=\"https:\/\/bannmuehle.wholewildworld.de\/index.php\/permakultur\/\" class=\"more-link\"><span class=\"screen-reader-text\">\u201ePermakultur\u201c <\/span>weiterlesen<\/a><\/p>\n","protected":false},"author":1,"featured_media":0,"parent":0,"menu_order":0,"comment_status":"closed","ping_status":"closed","template":"","meta":{"footnotes":""},"class_list":["post-405","page","type-page","status-publish","hentry"],"_links":{"self":[{"href":"https:\/\/bannmuehle.wholewildworld.de\/index.php\/wp-json\/wp\/v2\/pages\/405","targetHints":{"allow":["GET"]}}],"collection":[{"href":"https:\/\/bannmuehle.wholewildworld.de\/index.php\/wp-json\/wp\/v2\/pages"}],"about":[{"href":"https:\/\/bannmuehle.wholewildworld.de\/index.php\/wp-json\/wp\/v2\/types\/page"}],"author":[{"embeddable":true,"href":"https:\/\/bannmuehle.wholewildworld.de\/index.php\/wp-json\/wp\/v2\/users\/1"}],"replies":[{"embeddable":true,"href":"https:\/\/bannmuehle.wholewildworld.de\/index.php\/wp-json\/wp\/v2\/comments?post=405"}],"version-history":[{"count":5,"href":"https:\/\/bannmuehle.wholewildworld.de\/index.php\/wp-json\/wp\/v2\/pages\/405\/revisions"}],"predecessor-version":[{"id":700,"href":"https:\/\/bannmuehle.wholewildworld.de\/index.php\/wp-json\/wp\/v2\/pages\/405\/revisions\/700"}],"wp:attachment":[{"href":"https:\/\/bannmuehle.wholewildworld.de\/index.php\/wp-json\/wp\/v2\/media?parent=405"}],"curies":[{"name":"wp","href":"https:\/\/api.w.org\/{rel}","templated":true}]}}